{"id":85055,"date":"2021-03-28T16:28:43","date_gmt":"2021-03-28T16:28:43","guid":{"rendered":"https:\/\/studiogiovannelli.it\/professionals\/prof-avv-francesco-farri\/"},"modified":"2024-02-14T18:20:48","modified_gmt":"2024-02-14T18:20:48","slug":"prof-att-francesco-farri","status":"publish","type":"page","link":"https:\/\/studiogiovannelli.it\/en\/professionals\/prof-att-francesco-farri\/","title":{"rendered":"Prof. Att. Francesco Farri"},"content":{"rendered":"<p>[vc_row unlock_row_content=&#8221;yes&#8221; row_height_percent=&#8221;50&#8243; override_padding=&#8221;yes&#8221; h_padding=&#8221;0&#8243; top_padding=&#8221;0&#8243; bottom_padding=&#8221;0&#8243; overlay_alpha=&#8221;50&#8243; equal_height=&#8221;yes&#8221; gutter_size=&#8221;0&#8243; column_width_percent=&#8221;100&#8243; shift_y=&#8221;0&#8243; z_index=&#8221;0&#8243; inverted_device_order=&#8221;yes&#8221; el_class=&#8221;inverted-device-order&#8221;][vc_column column_width_percent=&#8221;100&#8243; gutter_size=&#8221;0&#8243; overlay_alpha=&#8221;50&#8243; shift_x=&#8221;0&#8243; shift_y=&#8221;0&#8243; z_index=&#8221;0&#8243; medium_width=&#8221;0&#8243; mobile_width=&#8221;0&#8243; width=&#8221;1\/2&#8243;][vc_row_inner row_inner_height_percent=&#8221;50&#8243; overlay_alpha=&#8221;50&#8243; equal_height=&#8221;yes&#8221; gutter_size=&#8221;0&#8243; shift_y=&#8221;0&#8243;][vc_column_inner column_width_percent=&#8221;70&#8243; position_horizontal=&#8221;right&#8221; gutter_size=&#8221;3&#8243; override_padding=&#8221;yes&#8221; column_padding=&#8221;4&#8243; style=&#8221;dark&#8221; back_color=&#8221;accent&#8221; overlay_color=&#8221;accent&#8221; overlay_alpha=&#8221;80&#8243; shift_x=&#8221;0&#8243; shift_y=&#8221;0&#8243; shift_y_down=&#8221;0&#8243; z_index=&#8221;0&#8243; medium_width=&#8221;0&#8243; mobile_width=&#8221;0&#8243; width=&#8221;1\/1&#8243; el_class=&#8221;text-white&#8221;][vc_empty_space empty_h=&#8221;0&#8243; mobile_visibility=&#8221;yes&#8221;][vc_custom_heading heading_semantic=&#8221;h1&#8243; text_size=&#8221;h1&#8243; subheading=&#8221;<em>Partner<\/em><br \/>\nAssociate Professor of Tax Law &#8211; Department of Jurisprudence &#8211; University of Genoa&#8221; uncode_shortcode_id=&#8221;162100&#8243;]Prof. Att. Francesco Farri<\/p>\n<div id=\"gtx-trans\" style=\"position: absolute; left: 34px; top: 33px;\">\n<div class=\"gtx-trans-icon\"><\/div>\n<\/div>\n<p>[\/vc_custom_heading][vc_column_text el_class=&#8221;text-white&#8221;]<a href=\"mailto:francesco.farri@studiogiovannelli.it\"><strong>francesco.farri@studiogiovannelli.it<\/strong><\/a><\/p>\n<div id=\"gtx-trans\" style=\"position: absolute; left: 249px; top: 38.2031px;\">\n<div class=\"gtx-trans-icon\"><\/div>\n<\/div>\n<p>[\/vc_column_text][vc_icon icon=&#8221;fa fa-linkedin-square&#8221; icon_color=&#8221;color-xsdn&#8221; size=&#8221;fa-2x&#8221; link=&#8221;url:https%3A%2F%2Fwww.linkedin.com%2Fin%2Ffrancesco-farri-136a30176%2F|target:_blank&#8221;][\/vc_icon][vc_separator sep_color=&#8221;color-lxmt&#8221; el_width=&#8221;100px&#8221;][vc_empty_space empty_h=&#8221;2&#8243;][vc_custom_heading text_color=&#8221;color-xsdn&#8221; text_size=&#8221;h4&#8243; uncode_shortcode_id=&#8221;132866&#8243; text_color_type=&#8221;uncode-palette&#8221;]Area of expertise<\/p>\n<div id=\"gtx-trans\" style=\"position: absolute; left: 61px; top: 33px;\">\n<div class=\"gtx-trans-icon\"><\/div>\n<\/div>\n<p>[\/vc_custom_heading][vc_column_text el_class=&#8221;text-white&#8221; uncode_shortcode_id=&#8221;263494&#8243;]Tax Law[\/vc_column_text][vc_empty_space empty_h=&#8221;3&#8243;][\/vc_column_inner][\/vc_row_inner][\/vc_column][vc_column column_width_percent=&#8221;100&#8243; gutter_size=&#8221;3&#8243; override_padding=&#8221;yes&#8221; column_padding=&#8221;4&#8243; back_image=&#8221;83854&#8243; back_position=&#8221;center top&#8221; overlay_alpha=&#8221;50&#8243; shift_x=&#8221;0&#8243; shift_y=&#8221;0&#8243; shift_y_down=&#8221;0&#8243; z_index=&#8221;0&#8243; medium_width=&#8221;0&#8243; mobile_width=&#8221;0&#8243; width=&#8221;1\/2&#8243; mobile_height=&#8221;340&#8243;][\/vc_column][\/vc_row][vc_row row_height_percent=&#8221;0&#8243; override_padding=&#8221;yes&#8221; h_padding=&#8221;2&#8243; top_padding=&#8221;5&#8243; bottom_padding=&#8221;5&#8243; back_color=&#8221;color-lxmt&#8221; overlay_alpha=&#8221;50&#8243; gutter_size=&#8221;3&#8243; column_width_percent=&#8221;100&#8243; shift_y=&#8221;0&#8243; z_index=&#8221;0&#8243;][vc_column width=&#8221;1\/1&#8243;][vc_row_inner][vc_column_inner width=&#8221;1\/2&#8243;][vc_custom_heading text_color=&#8221;accent&#8221; heading_semantic=&#8221;h3&#8243; text_size=&#8221;h1&#8243; uncode_shortcode_id=&#8221;209880&#8243; text_color_type=&#8221;uncode-palette&#8221;]Profile[\/vc_custom_heading][\/vc_column_inner][vc_column_inner column_width_percent=&#8221;100&#8243; gutter_size=&#8221;3&#8243; overlay_alpha=&#8221;50&#8243; shift_x=&#8221;0&#8243; shift_y=&#8221;0&#8243; shift_y_down=&#8221;0&#8243; z_index=&#8221;0&#8243; medium_visibility=&#8221;yes&#8221; medium_width=&#8221;0&#8243; mobile_visibility=&#8221;yes&#8221; mobile_width=&#8221;0&#8243; width=&#8221;1\/2&#8243;][\/vc_column_inner][\/vc_row_inner][vc_row_inner row_inner_height_percent=&#8221;0&#8243; overlay_alpha=&#8221;50&#8243; gutter_size=&#8221;4&#8243; shift_y=&#8221;0&#8243; z_index=&#8221;0&#8243;][vc_column_inner width=&#8221;1\/2&#8243;][vc_column_text uncode_shortcode_id=&#8221;734461&#8243;]Associate Professor of Tax Law, Department of Jurisprudence &#8211; University of Genoa. Previously, Adjunct Professor in the Tax Law Master organized by Bocconi University of Milan.<\/p>\n<p>Adjunct Professor in the Tax Law Master organized by Bocconi University of Milan.<\/p>\n<p>Academic fellow in the Department of Legal Studies of the Bocconi University of Milan (<a href=\"http:\/\/didattica.unibocconi.it\/docenti\/cv.php?rif=237200\" target=\"_blank\" rel=\"noopener\">see his Accademic CV<\/a>).<\/p>\n<p>Qualified, at national level, as Associate Professor of Tax Law in Italian Universities.<\/p>\n<p>Visitor at the universities of Yale (USA), M\u00fcnster (Germany) and Stockholm (Sweden).<\/p>\n<p>PhD in Economic and Business Law at the La Sapienza University of Rome.<\/p>\n<p>Author of three monographs, published in major scientific series in Italy, the United Kingdom and the USA, and over one hundred scientific publications in Italy and abroad. Speaker at numerous national and international scientific conferences on tax and renewable energy law matters. Member of the editorial committee of the Review of Tax Law, of the Telematic Review of Tax Law, of the \u201c<em>Nuovo Diritto delle Societ\u00e0<\/em>\u201d, and of L-Jus.<\/p>\n<div id=\"gtx-trans\" style=\"position: absolute; left: 655px; top: 23px;\">\n<div class=\"gtx-trans-icon\"><\/div>\n<\/div>\n<p>[\/vc_column_text][\/vc_column_inner][vc_column_inner width=&#8221;1\/2&#8243;][vc_column_text uncode_shortcode_id=&#8221;491321&#8243;]He has been legal advisor to the Presidency of the Council of Ministers and has held hearings on issues of a fiscal nature and renewable energy at the Chamber of Deputies and the Senate of the Republic.<\/p>\n<p>He was the youngest cassation lawyer in Italy at the time of registration in the special register and received the &#8220;Toga in memory of Avv. P. Graverini &#8220;for the achievement of the highest score among the members of the Order of affiliation in the year of enrollment in the register of lawyers.[\/vc_column_text][vc_empty_space empty_h=&#8221;2&#8243;][vc_custom_heading text_size=&#8221;h4&#8243; subheading=&#8221;English (Cambridge University Certificate: full marks)<br \/>\nGerman (Zertifikat Deutsch of the Goethe Institut: full marks)<br \/>\nFrench&#8221; uncode_shortcode_id=&#8221;195297&#8243;]Languages[\/vc_custom_heading][\/vc_column_inner][\/vc_row_inner][\/vc_column][\/vc_row][vc_row row_height_percent=&#8221;0&#8243; override_padding=&#8221;yes&#8221; h_padding=&#8221;2&#8243; top_padding=&#8221;4&#8243; bottom_padding=&#8221;4&#8243; back_color=&#8221;color-xsdn&#8221; overlay_alpha=&#8221;50&#8243; gutter_size=&#8221;3&#8243; column_width_percent=&#8221;100&#8243; shift_y=&#8221;0&#8243; z_index=&#8221;0&#8243;][vc_column width=&#8221;1\/1&#8243;][vc_custom_heading text_color=&#8221;accent&#8221; heading_semantic=&#8221;h1&#8243; text_font=&#8221;font-182483&#8243; text_size=&#8221;h1&#8243; text_weight=&#8221;400&#8243; el_id=&#8221;attivit\u00e0-1&#8243; uncode_shortcode_id=&#8221;147312&#8243; text_color_type=&#8221;uncode-palette&#8221;]Areas of expertise<\/p>\n<div id=\"gtx-trans\" style=\"position: absolute; left: 30px; top: -12px;\">\n<div class=\"gtx-trans-icon\"><\/div>\n<\/div>\n<p>[\/vc_custom_heading][vc_row_inner row_inner_height_percent=&#8221;0&#8243; overlay_alpha=&#8221;50&#8243; equal_height=&#8221;yes&#8221; gutter_size=&#8221;4&#8243; shift_y=&#8221;0&#8243; z_index=&#8221;0&#8243;][vc_column_inner width=&#8221;1\/1&#8243;][vc_custom_heading text_color=&#8221;accent&#8221; heading_semantic=&#8221;h3&#8243; text_font=&#8221;font-182483&#8243; text_size=&#8221;h3&#8243; text_weight=&#8221;400&#8243; sub_lead=&#8221;small&#8221; subheading=&#8221;He deals with every aspect related to the management of taxpayers&#8217; tax issues, from pre-litigation relationships to tax litigation up to higher and supranational jurisdictions.<\/p>\n<p>He assists companies, organizations, professionals, and individuals in preparing documentation and requests necessary for the use of the favorable regimes applicable to them (e.g., superbonus, patent box, incentives for start-ups, etc.), in managing tax matters with elements of extraterritoriality (providing advice on matters such as tax residency, mechanisms to avoid double taxation, etc.), in managing real estate taxation (from trading to cadastral litigation), and in every other aspect of the ordinary and extraordinary management of tax-relevant activities.<\/p>\n<p>He also deals with renewable energy law and related incentive mechanisms (both fiscal and non-fiscal) and authored the first comprehensive manual published in Italy on the subject.<br \/>\n&#8221; uncode_shortcode_id=&#8221;127991&#8243; text_color_type=&#8221;uncode-palette&#8221;][\/vc_custom_heading][\/vc_column_inner][\/vc_row_inner][\/vc_column][\/vc_row][vc_row row_height_percent=&#8221;0&#8243; override_padding=&#8221;yes&#8221; h_padding=&#8221;2&#8243; top_padding=&#8221;3&#8243; bottom_padding=&#8221;3&#8243; back_color=&#8221;color-lxmt&#8221; overlay_alpha=&#8221;50&#8243; gutter_size=&#8221;4&#8243; column_width_percent=&#8221;100&#8243; shift_y=&#8221;0&#8243; z_index=&#8221;0&#8243;][vc_column width=&#8221;1\/1&#8243;][vc_custom_heading text_color=&#8221;accent&#8221; heading_semantic=&#8221;h1&#8243; text_font=&#8221;font-182483&#8243; text_size=&#8221;h1&#8243; text_weight=&#8221;400&#8243; uncode_shortcode_id=&#8221;542914&#8243; text_color_type=&#8221;uncode-palette&#8221;]Publications<\/p>\n<div id=\"gtx-trans\" style=\"position: absolute; left: 37px; top: -12px;\">\n<div class=\"gtx-trans-icon\"><\/div>\n<\/div>\n<p>[\/vc_custom_heading][vc_accordion active_tab=&#8221;0&#8243;][vc_accordion_tab gutter_size=&#8221;2&#8243; column_padding=&#8221;2&#8243; title=&#8221;Monografie&#8221; tab_id=&#8221;1617780172-1-97&#8243;][uncode_list icon=&#8221;fa fa-document2&#8243;]<\/p>\n<ul>\n<li><em>Tax Sovereignty and the Law in the Digital and Global Economy<\/em>, in collana \u201cStudies of Law\u201d (<em>peer reviewed<\/em>), New York \u2013 Oxford \u2013 Torino, 2020, XVI, 1-158, ISBN 9788892133549, ISBN 9780367544102, ISBN 9781003089230.<\/li>\n<li><em>Un fisco sostenibile per la famiglia in Italia<\/em>, con prefazione del Presidente Emerito della Corte Costituzionale Prof. Antonio Baldassarre, in collana \u201cProblemi attuali di diritto tributario\u201d (<em>peer reviewed<\/em>), diretta da Franco Gallo, Padova, 2018, X, 1-190, ISBN 9788813368531.<\/li>\n<li><em>Forma ed efficacia nella teoria degli atti dell\u2019amministrazione finanziaria<\/em>, in collana \u201cProblemi attuali di diritto tributario\u201d (<em>peer reviewed<\/em>), diretta da Franco Gallo, Padova, 2015, XXIV, 1-1048, ISBN 9788813352387.<\/li>\n<\/ul>\n<p>[\/uncode_list][\/vc_accordion_tab][vc_accordion_tab gutter_size=&#8221;2&#8243; column_padding=&#8221;2&#8243; title=&#8221;Curatele&#8221; tab_id=&#8221;1617780172-2-70&#8243;][uncode_list icon=&#8221;fa fa-document2&#8243;]<\/p>\n<ul>\n<li><em>Pandemia da \u201cCovid-19\u201d e sistema tributario. Problematiche dell\u2019emergenza, misure di sostegno e politiche fiscali<\/em>, a cura di Angelo Contrino e Francesco Farri, con saggio introduttivo del Prof. Giulio Tremonti (gi\u00e0 Ministro dell\u2019Economia e delle Finanze, Vicepresidente del Consiglio dei Ministri e Vicepresidente della Camera dei Deputati) e saggio conclusivo del Prof. Franco Gallo (Presidente Emerito della Corte Costituzionale e gi\u00e0 Ministro delle Finanze), Pisa, 2021, XVII, 1-380, ISBN 9788833793283.<\/li>\n<\/ul>\n<p>[\/uncode_list][\/vc_accordion_tab][vc_accordion_tab gutter_size=&#8221;2&#8243; column_padding=&#8221;2&#8243; title=&#8221;Articoli, note a sentenza e contributi a opere collettanee&#8221; tab_id=&#8221;1617780261348-2-7&#8243;][uncode_list icon=&#8221;fa fa-document2&#8243;]<\/p>\n<ul>\n<li>Decadenza dell&#8217;amministrazione finanziaria e residui di \u201csupersolidariet\u00e0\u201d tributaria, in Aa.Vv., Saggi in ricordo di Augusto Fantozzi, in collana \u201cL\u2019ordinamento tributario italiano\u201d (fondata da G. Falsitta e Prof. \u2020A. Fantozzi, diretta dai Proff. L. Carpentieri, A. Contrino, L. Del Federico, A. Giovannini, E. Marello, F. Paparella, G. Zizzo) (<em>peer reviewed<\/em>), Pisa, 2021, 49-68, ISBN 9788833792927<\/li>\n<li>La codificata obbligatoriet\u00e0 del contraddittorio endo-procedimentale al cospetto della legge generale sul procedimento amministrativo: riflessioni di carattere sistematico, in Diritto e Pratica Tributaria, 2021, 68-60, ISSN 0012-3447 (RIVISTA SCIENTIFICA CLASSE A)<\/li>\n<li>Considerazioni circa i disegni di legge di ratifica ed esecuzione dei Protocolli CEDU nn. 15 e 16, accettato per la pubblicazione su I diritti dell\u2019uomo. Cronache e battaglie, 2021, ISSN 1121-8754 (RIVISTA SCIENTIFICA ANVUR)<\/li>\n<li>Le (in)certezze nel diritto tributario, in C. Piciocchi \u2013 M. Fasan \u2013 M.C. Reale (a cura di), Le (in)certezze del diritto. Atti delle giornate di studio 17-18 gennaio 2019, in collana \u201cQuaderni della Facolt\u00e0 di Giurisprudenza dell\u2019Universit\u00e0 di Trento\u201d (<em>peer reviewed<\/em>), vol. 49, Napoli, 2021, 219-241, ISBN 9788884439321; e in Diritto e Pratica Tributaria, fasc. n. 2\/2021, ISSN 0012-3447 (RIVISTA SCIENTIFICA CLASSE A)<\/li>\n<li>La Corte Cost. sui magistrati onorari: occasione per rivedere il Recovery Plan, in www.centrostudilivatino.it, 19 marzo 2021<\/li>\n<li>Considerazioni critiche sullo schema di decreto correttivo del Codice della crisi d\u2019impresa e dell\u2019insolvenza, accettato per la pubblicazione in L-Jus, fasc. n. 1\/2021, ISSN 2611-5476<\/li>\n<li>Sovranit\u00e0 popolare negli Stati o sovranit\u00e0 dell&#8217;Unione Europea?, in L-Jus, fasc. n. 2\/2020, 53-60, ISSN 2611-5476<\/li>\n<li>Digitalizzazione dell&#8217;amministrazione finanziaria e diritti dei contribuenti, in dir. trib., 2020, V, 115-139, ISSN 1121-4074 (RIVISTA SCIENTIFICA CLASSE A)<\/li>\n<li>Esenzione IMU per abitazione principale e coniugi residenti in comuni diversi: la Corte di cassazione dimentica il testo normativo e i principi costituzionali, in Riv. telem. dir. trib., 22.10.2020, ISSN 2499-2569 (RIVISTA SCIENTIFICA CLASSE A)<\/li>\n<li>The impact of taxation on transnational business activity: why it happens, how it happens, how to neutralize distortions, in Business Law Journal, 2020, 9-13, ISSN 0137-5490<\/li>\n<li>Per il contraddittorio endoprocedimentale tributario occorre un nuovo art. 12-bis nello Statuto del contribuente, non l&#8217;art. 5-ter del d.lgs. n. 218\/1997, in Riv. telem. dir. trib., 9.09.2020, ISSN 2499-2569 (RIVISTA SCIENTIFICA CLASSE A)<\/li>\n<li>I procedimenti a istanza di parte nel diritto tributario, in Rassegna tributaria, 2020, 631-671, ISSN 1590-749X (RIVISTA SCIENTIFICA CLASSE A)<\/li>\n<li>Legal professions in Italy. Tax law profiles, in Il nuovo diritto delle societ\u00e0, 2020, 847-860, ISSN 2039-6880 (RIVISTA SCIENTIFICA ANVUR)<\/li>\n<li>Tax sovereignty today, in Revista T\u00e9cnica Tributaria, 2020, 157-169, ISSN 0214-6010, e-ISSN: 2695-6365<\/li>\n<li>Profili di criticit\u00e0 concorsuali e tributari della liquidazione del credito IVA, in Il nuovo diritto delle societ\u00e0, 2020, 683-695, ISSN 2039-6880 (RIVISTA SCIENTIFICA ANVUR)<\/li>\n<li>Tax Law Profiles, in Henssler M. \u2013 Landini S. (a cura di), Lawyers in Italy \u2013 Challenge the Change, collana Schriftenreihe des Instituts f\u00fcr Anwaltsrecht an der Universit\u00e4t zu K\u00f6ln, vol n. 94, Bonn (Germania) 2020, 73-84, ISBN 9783824016280<\/li>\n<li>Emergenza coronavirus e crisi economica: quali misure finanziarie e fiscali per ripartire?, con Angelo Contrino, in L-Jus, fasc. n. 1\/2020, 18-45, ISSN 2611-5476<\/li>\n<li>Coronavirus emergency and tourism industry in Italy: tax policy considerations, in Il nuovo diritto delle societ\u00e0, 2020, 549-561, ISSN 2039-6880 (RIVISTA SCIENTIFICA ANVUR)<\/li>\n<li>El consenso a la imposici\u00f3n en la fiscalidad global, in Themis \u2013 Revista de derecho, 2020, vol. n.76, 15-29, ISSN 1810-9934 (RIVISTA SCIENTIFICA ANVUR)<\/li>\n<li>Quali aiuti attendere dall\u2019UE e quali fonti attivabili in autonomia?, con Angelo Contrino, 18.04.2020, pubblicato in https:\/\/www.centrostudilivatino.it\/quali-aiuti-attendere-dallue-e-quali-fonti-attivabili-in-autonomia\/<\/li>\n<li>Preliminary considerations on the usability of custom duties as environmental taxes, in Riv. telem. dir. trib., 17.04.2020, ISSN 2499-2569 (RIVISTA SCIENTIFICA CLASSE A)<\/li>\n<li>L. 23\/2020. Decreto liquidit\u00e0 o decreto sabbie mobili?, 10-04.2020, pubblicato in https:\/\/www.centrostudilivatino.it\/dl-n-23-2020-decreto-liquidita-o-decreto-sabbie-mobili\/<\/li>\n<li>Welfare community da rilanciare per la ripresa, con Angelo Contrino, 30.03.2020, pubblicato in https:\/\/www. centrostudilivatino.it\/welfare-community-da-rilanciare-per-la-ripresa\/<\/li>\n<li>Emergenza coronavirus e finanziamento della spesa pubblica: \u00e8 possibile trarre indicazioni per la futura politica fiscale italiana?, con Angelo Contrino, in Riv. telem. dir. trib., 28.03.2020, ISSN 2499-2569 (RIVISTA CLASSE A)<\/li>\n<li>Famiglia: una grande assente dal decreto \u201ccura Italia\u201d? 2 \u2013 Profili assistenziali, 25.03.2020, pubblicato in https:\/\/www. centrostudilivatino.it\/famiglia-una-grande-assente-dal-decreto-cura-italia-2-profili-assistenziali\/<\/li>\n<li>Famiglia: una grande assente dal decreto \u201ccura Italia\u201d? 1 &#8211; Profili giuslavoristici e previdenziali, 23.03.2020, pubblicato in https:\/\/www.centrostudilivatino.it\/famiglia-una-grande-assente-dal-decreto-cura-italia-1-profili-giuslavoristici-e-previdenziali\/<\/li>\n<li>Il nuovo invito al contraddittorio tributario nel prisma della l. n. 241\/1990, in Guidara A. (a cura di), Accordi e azione amministrativa nel diritto tributario, Pisa 2020, 209-219, ISBN 9788833791555<\/li>\n<li>Tourism in Italy \u2013 Tax Law Profiles, in Riv. telem. dir. trib., 15.01.2020, ISSN 2499-2569 (RIVISTA SCIENTIFICA CLASSE A)<\/li>\n<li>L&#8217;imposta ipotecaria non si applica sulle ipoteche volontarie iscritte a garanzia di tributi erariali, in Riv. dir. trib., 2019, II, fasc. 6, ISSN 1121-4074 (RIVISTA SCIENTIFICA CLASSE A)<\/li>\n<li>Serve ancora lo Stato al fisco?, in Mastroiacovo V. (a cura di), Le sovranit\u00e0 nell&#8217;era della post globalizzazione, Pisa 2019, 247-256, ISBN 9788833791081<\/li>\n<li>Tremonti ambiente e incentivi al fotovoltaico: il legislatore interviene ma dimentica i principi costituzionali, in Riv. telem. dir. trib., 3.12.2019, ISSN 2499-2569 (RIVISTA SCIENTIFICA CLASSE A)<\/li>\n<li>Definizione agevolata delle controversie tributarie del cessionario d&#8217;azienda, in Riv. telem. dir. trib., 13.11.2019, ISSN 2499-2569 (RIVISTA SCIENTIFICA CLASSE A)<\/li>\n<li>Regime forfetario e detrazioni IRPEF: approssimativa la soluzione fornita dall&#8217;Agenzia delle Entrate, in Riv. telem. dir. trib., 14.10.2019, ISSN 2499-2569 (RIVISTA SCIENTIFICA CLASSE A)<\/li>\n<li>Considerazioni &#8220;a caldo&#8221; circa l&#8217;obbligo di invito al contraddittorio introdotto dal Decreto Crescita, in Riv. telem. dir. trib., 04.07.2019, ISSN 2499-2569 (RIVISTA SCIENTIFICA CLASSE A)<\/li>\n<li>Sovranit\u00e0 tributaria e nuovi &#8220;luoghi&#8221; dell&#8217;economia globale, in Dir. pubbl., 2019, 153-218, ISSN 1721-8985 (RIVISTA SCIENTIFICA CLASSE A)<\/li>\n<li>I principi di capacit\u00e0 contributiva e di uguaglianza alla prova della parziale indeducibilit\u00e0 dell&#8217;IMU dal reddito d&#8217;impresa, in Riv. dir. trib., 2019, II, 56-78, ISSN 1121-4074 (RIVISTA SCIENTIFICA CLASSE A)<\/li>\n<li>Dalla Corte di Giustizia UE nessuna novit\u00e0 sostanziale in tema di esenzione ICI per gli enti non commerciali, in Riv. telem. dir. trib., 09.11.2018, ISSN 2499-2569 (RIVISTA SCIENTIFICA CLASSE A)<\/li>\n<li>Esenzione ICI per le scuole paritarie: tanto rumore per nulla, 07.11.2018, in https:\/\/www.centrostudilivatino.it\/esenzione-ici-per-le-scuole-paritarie-tanto-rumore-per-nulla\/<\/li>\n<li>Imposta di soggiorno alla Corte dei Conti?, in Riv. telem. dir. trib., 12.09.2018, ISSN 2499-2569 (RIVISTA SCIENTIFICA CLASSE A)<\/li>\n<li>L&#8217;indeducibilit\u00e0 parziale dell&#8217;IMU dal reddito d&#8217;impresa contrasta con l&#8217;art. 3 Cost., in Riv. telem. dir. trib., 30.07.2018, ISSN 2499-2569 (RIVISTA SCIENTIFICA CLASSE A)<\/li>\n<li>Nullit\u00e0 degli accertamenti cartacei firmati digitalmente, in Riv. telem. dir. trib., 19.06.2018, ISSN 2499-2569 (RIVISTA SCIENTIFICA CLASSE A)<\/li>\n<li>Statuto dei contribuenti e contraddittorio &#8220;europeo&#8221;, in Riv. telem. dir. trib., 31.05.2018, ISSN 2499-2569 (RIVISTA SCIENTIFICA CLASSE A)<\/li>\n<li>Termini di decadenza e solidariet\u00e0 tributaria: dalla Cassazione un passo indietro e uno avanti, in Riv. telem. dir. trib., 09.04.2018, ISSN 2499-2569 (RIVISTA SCIENTIFICA CLASSE A)<\/li>\n<li>Tremonti ambiente e incentivi al fotovoltaico: errori del GSE e aporie fiscali, in Riv. telem. dir. trib., 27.03.2018, ISSN 2499-2569 (RIVISTA SCIENTIFICA CLASSE A)<\/li>\n<li>Liquidazione delle dichiarazioni, obbligatoriet\u00e0 dell&#8217;avviso bonario e conseguenze della sua omissione, in Riv. telem. dir. trib., 16.03.2018, ISSN 2499-2569 (RIVISTA SCIENTIFICA CLASSE A)<\/li>\n<li>Le novit\u00e0 fiscali del codice del terzo settore: 2. il regime fiscale per gli enti benefici iscritti al registro, in Riv. telem. dir. trib., 02.03.2018, ISSN 2499-2569 (RIVISTA SCIENTIFICA CLASSE A)<\/li>\n<li>Le novit\u00e0 fiscali del codice del terzo settore: 1. il regime fiscale per gli enti benefici non iscritti al registro, in Riv. telem. dir. trib., 21.02.2018, ISSN 2499-2569 (RIVISTA SCIENTIFICA CLASSE A)<\/li>\n<li>Le modifiche strutturali al quadro normativo del &#8220;terzo settore&#8221;, in Riv. telem. dir. trib., 16.02.2018, ISSN 2499-2569 (RIVISTA SCIENTIFICA CLASSE A)<\/li>\n<li>Impugnazione-merito e vizi formali nell&#8217;attuale processo tributario, in Riv. dir. trib., 2018, I, 661-684, ISSN 1121-4074 (RIVISTA SCIENTIFICA CLASSE A)<\/li>\n<li>voce Prescrizione e decadenza (dir. trib.), in Diritto on line Treccani (2018)<\/li>\n<li>Spunti sulla rilevanza della famiglia nel sistema della finanza pubblica, in Giur. Cost., 2017, 2044-2052, ISSN 0436-0222 (RIVISTA SCIENTIFICA CLASSE A)<\/li>\n<li>Per un fisco sostenibile per la famiglia, in NEOTERA. Periodico ufficiale dell\u2019ANTI \u2013 Associazione Nazionale Tributaristi Italiani, 2017, fasc. 2, 7-25<\/li>\n<li>Frodi IVA e principi costituzionali: la CGUE d\u00e0 ragione alla Corte Costituzionale italiana, in Riv. dir. trib., supplemento online, 12.12.2017, ISSN 2499-2569 (RIVISTA SCIENTIFICA ANVUR)<\/li>\n<li>Accise su oli vegetali: limiti all&#8217;applicazione dell&#8217;analogia, in Riv. dir. trib., supplemento online, 11.12.2017, ISSN 2499-2569 (RIVISTA SCIENTIFICA ANVUR)<\/li>\n<li>Famiglia discriminata nell&#8217;accesso ai benefici di finanza pubblica: il monito della Corte Costituzionale, in Riv. dir. trib., supplemento online, 09.09.2017, ISSN 2499-2569 (RIVISTA SCIENTIFICA ANVUR)<\/li>\n<li>Beneficio dell&#8217;escussione e decadenza nella solidariet\u00e0 tributaria, in Riv. dir. trib., supplemento online, 29.09.2017, ISSN 2499-2569 (RIVISTA SCIENTIFICA ANVUR)<\/li>\n<li>Tassa sui rifiuti: limiti alla discrezionalit\u00e0 dei Comuni nella fissazione delle tariffe, in Riv. dir. trib., supplemento online, 27.09.2017, ISSN 2499-2569 (RIVISTA SCIENTIFICA ANVUR)<\/li>\n<li>Tassa automobilistica e fermo dei veicoli, in Riv. dir. trib., 2017, II, 221-237, ISSN 1121-4074 (RIVISTA SCIENTIFICA CLASSE A)<\/li>\n<li>Flat tax per neo-residenti: i dubbi permangono, in Riv. dir. trib., supplemento online, 22.06.2017, ISSN 2499-2569 (RIVISTA SCIENTIFICA ANVUR)<\/li>\n<li>Privilegi dei crediti erariali e retroattivit\u00e0: c&#8217;\u00e8 davvero bisogno di rimettersi alla CEDU?, in Riv. dir. trib., supplemento online, 26.07.2017, ISSN 2499-2569 (RIVISTA SCIENTIFICA ANVUR)<\/li>\n<li>Termini raddoppiati: la CTR Milano tiene aperta la partita, in Riv. dir. trib., supplemento online, 25.09.2017, ISSN 2499-2569 (RIVISTA SCIENTIFICA ANVUR)<\/li>\n<li>Termini &#8220;raddoppiati&#8221; per gli accertamenti e legge di stabilit\u00e0 per il 2016, in Rass. trib., 2017, 108-131, ISSN 1590-749X (RIVISTA SCIENTIFICA CLASSE A)<\/li>\n<li>Estinzione della societ\u00e0 in corso di giudizio: conseguenze processuali, in Riv. dir. trib., supplemento online, 24.05.2017, ISSN 2499-2569 (RIVISTA SCIENTIFICA ANVUR)<\/li>\n<li>Sull&#8217;invalidit\u00e0 &#8220;caducante&#8221; nel diritto tributario, in Riv. dir. trib., supplemento online, 31.03.2017, ISSN 2499-2569 (RIVISTA SCIENTIFICA ANVUR)<\/li>\n<li>Detrazione IVA e antieconomicit\u00e0 del corrispettivo: abuso dell&#8217;abuso del diritto, in Riv. dir. trib., supplemento online, 18.02.2017, ISSN 2499-2569 (RIVISTA SCIENTIFICA ANVUR)<\/li>\n<li>Quando i principi supremi dell&#8217;ordinamento italiano prevalgono sul diritto europeo: dalla Corte Costituzionale italiana una pronuncia storica sulla effettivit\u00e0 dei &#8220;controlimiti&#8221;, in Riv. dir. trib., supplemento online, 06.02.2017, ISSN 2499-2569 (RIVISTA SCIENTIFICA ANVUR)<\/li>\n<li>Aliquota IRES dimezzata tra obiter dicta e altri fraintendimenti, in Riv. dir. trib., supplemento online, 17.01.2017, ISSN 2499-2569 (RIVISTA SCIENTIFICA ANVUR)<\/li>\n<li>Accesso agli atti in fase di riscossione e &#8220;imparzialit\u00e0&#8221; dell&#8217;esecuzione, in Riv. dir. trib., supplemento online, 07.12.2016, ISSN 2499-2569 (RIVISTA SCIENTIFICA ANVUR)<\/li>\n<li>Il nuovo ravvedimento operoso commentato dall&#8217;Agenzia delle Entrate, in Riv. dir. trib., supplemento online, 02.11.2016, ISSN 2499-2569 (RIVISTA SCIENTIFICA ANVUR)<\/li>\n<li>Enti non commerciali e &#8220;aiuti di Stato&#8221;: limiti all&#8217;operativit\u00e0 del diritto europeo, in Riv. dir. trib., supplemento online, 03.10.2016, ISSN 2499-2569 (RIVISTA SCIENTIFICA ANVUR)<\/li>\n<li>Detrazione per ristrutturazioni su immobili altrui: sufficiente il dato anagrafico, in Riv. dir. trib., supplemento online, 22.09.2016, ISSN 2499-2569 (RIVISTA SCIENTIFICA ANVUR)<\/li>\n<li>Sanzioni IVA e principio di proporzionalit\u00e0: nuove prospettive dalla Cassazione, in Riv. dir. trib., supplemento online, 13.09.2016, ISSN 2499-2569 (RIVISTA SCIENTIFICA ANVUR)<\/li>\n<li>Termini raddoppiati e legge di stabilit\u00e0 2016: arriva la prima sentenza della Cassazione, in Riv. dir. trib., supplemento online, 24.08.2016, ISSN 2499-2569 (RIVISTA SCIENTIFICA ANVUR)<\/li>\n<li>Gli svarioni civilistici della Cassazione tributaria sull&#8217;imponibilit\u00e0 IRPEF della caparra penitenziale, in Riv. dir. trib., supplemento online, 13.07.2016, ISSN 2499-2569 (RIVISTA SCIENTIFICA ANVUR)<\/li>\n<li>La Cassazione &#8220;educa&#8221; le Commissioni Tributarie sulla condanna alle spese di lite, in Riv. dir. trib., supplemento online, 28.06.2016, ISSN 2499-2569 (RIVISTA SCIENTIFICA ANVUR)<\/li>\n<li>Deposito di copia dell&#8217;appello in CTP: ultimo dubbio risolto dalla Corte Costituzionale, in Riv. dir. trib., supplemento online, 13.06.2016, ISSN 2499-2569 (RIVISTA SCIENTIFICA ANVUR)<\/li>\n<li>Inutilizzabilit\u00e0 in giudizio dei documenti non esibiti in fase istruttoria tra legge e Costituzione, in Riv. dir. trib., supplemento online, 16.05.2016, ISSN 2499-2569 (RIVISTA SCIENTIFICA ANVUR)<\/li>\n<li>Sanzioni amministrative: procedimento e irretroattivit\u00e0 alla prova della Cassazione, in Riv. dir. trib., supplemento online, 03.06.2016, ISSN 2499-2569 (RIVISTA SCIENTIFICA ANVUR)<\/li>\n<li>Le Sezioni Unite si pronunciano sull&#8217;IRAP per gli studi medici, in Riv. dir. trib., supplemento online, 20.05.2016, ISSN 2499-2569 (RIVISTA SCIENTIFICA ANVUR)<\/li>\n<li>Punti fermi e profili di irrazionalit\u00e0 nel regime fiscale della famiglia, in Riv. dir. trib., 2016, I, 89-146, ISSN 1121-4074 (RIVISTA SCIENTIFICA CLASSE A)<\/li>\n<li>Notifiche tramite poste private: regolari, nulle o &#8220;inesistenti&#8221;?, in Riv. dir. trib., supplemento online, 15.04.2016, ISSN 2499-2569 (RIVISTA SCIENTIFICA ANVUR)<\/li>\n<li>Raddoppio dei termini per l&#8217;accertamento: la storia continua, in Riv. dir. trib., supplemento online, 14.04.2016, ISSN 2499-2569 (RIVISTA SCIENTIFICA ANVUR)<\/li>\n<li>Contraddittorio: la Cassazione &#8220;suggerisce&#8221; alla Corte Costituzionale ma sbaglia a inquadrare il problema, in Riv. dir. trib., supplemento online, 30.03.2016, ISSN 2499-2569 (RIVISTA SCIENTIFICA ANVUR)<\/li>\n<li>Competenza territoriale nel processo tributario: interviene la Corte Costituzionale, in Riv. dir. trib., supplemento online, 11.03.2016, ISSN 2499-2569 (RIVISTA SCIENTIFICA ANVUR)<\/li>\n<li>Confermata l&#8217;emendabilit\u00e0 in giudizio degli errori in dichiarazione: ma fino a che punto?, in Riv. dir. trib., supplemento online, 11.03.2016, ISSN 2499-2569 (RIVISTA SCIENTIFICA ANVUR)<\/li>\n<li>La legge di stabilit\u00e0 per il 2016 riapre &#8211; seriamente &#8211; la partita dei termini per l&#8217;accertamento, in Riv. dir. trib., supplemento online, 22.02.2016, ISSN 2499-2569 (RIVISTA SCIENTIFICA ANVUR)<\/li>\n<li>Contraddittorio tributario in Italia: alla Corte Costituzionale l&#8217;ultima parola, in Riv. dir. trib., supplemento online, 09.02.2016, ISSN 2499-2569 (RIVISTA SCIENTIFICA ANVUR)<\/li>\n<li>Il COSAP non \u00e8 un tributo: peggio per i contribuenti, in Riv. dir. trib., supplemento online, 15.01.2016, ISSN 2499-2569 (RIVISTA SCIENTIFICA ANVUR)<\/li>\n<li>Violazione del contraddittorio e nullit\u00e0 dell&#8217;avviso di accertamento e inapplicabilit\u00e0 dell&#8217;art. 21-octies l.p.a., in Riv. dir. trib., supplemento online, 01.01.2016, ISSN 2499-2569 (RIVISTA SCIENTIFICA ANVUR)<\/li>\n<li>Il ruolo del giudice nella giuridificazione del diritto tributario, in Aa.Vv. (a cura di Ferrara L. &#8211; Sorace D.), Studi a 150 anni dall&#8217;unificazione amministrativa italiana, vol. III (a cura di Marchetti B. &#8211; Renna M.), La giuridificazione, Firenze 2016, 251-279, ISBN 9788864534381<\/li>\n<li>La Corte di Cassazione stabilisce che i principi fondamentali del diritto dell\u2019Unione Europea non trovano applicazione al di fuori delle materie assegnate dallo Stato alla competenza sovranazionale, 23.12.2015, pubblicato in https:\/\/www. centrostudilivatino.it\/la-corte-di-cassazione-stabilisce-che-i-principi-fondamentali-del-diritto-dellunione-europea-non-trovano-applicazione-al-di-fuori-delle-materie-assegnate-dallo-stato-alla-competenza-sovranazionale\/<\/li>\n<li>Overruling delle Sezioni Unite sull&#8217;obbligatoriet\u00e0 del contraddittorio endoprocedimentale: tra i due litiganti, neppure la scienza giuridica gode, in Riv. dir. trib., supplemento online, 18.12.2015, ISSN 2499-2569 (RIVISTA SCIENTIFICA ANVUR)<\/li>\n<li>Gli atti tributari sottoscritti da dirigenti &#8220;illegittimi&#8221;. La Cassazione informa: perdete ogni speranza&#8230;, in Riv. dir. trib., supplemento online, 10.12.2015, ISSN 2499-2569 (RIVISTA SCIENTIFICA ANVUR)<\/li>\n<li>Responsabilit\u00e0 per debito altrui e forme di tutela, in Riv. dir. trib., supplemento online, 01.12.2015, ISSN 2499-2569 (RIVISTA SCIENTIFICA ANVUR)<\/li>\n<li>Presupposti e procedimenti dell&#8217;abuso del diritto: la giurisprudenza ricorda i propri limiti ex art. 101 Cost., in Riv. dir. trib., supplemento online, 30.11.2015, ISSN 2499-2569 (RIVISTA SCIENTIFICA ANVUR)<\/li>\n<li>La Cassazione fa il punto sui vizi degli atti tributari e sulla loro rilevanza processuale, in Riv. dir. trib., supplemento online, 15.11.2015, ISSN 2499-2569 (RIVISTA SCIENTIFICA ANVUR)<\/li>\n<li>Diritto dell\u2019energia da fonti rinnovabili, supplemento a QualEnergia, Roma 2013, 1-185, ISSN 1590-0193<\/li>\n<li>Senso e portata delle previsioni espresse di nullit\u00e0 nel diritto tributario, in Riv. dir. trib., 2013, II, 122-167, ISSN 1121-4074 (RIVISTA SCIENTIFICA CLASSE A)<\/li>\n<li>Sull\u2019applicabilit\u00e0 dell\u2019art. 21-octies della l. n. 241\/1990 agli atti tributari, in Riv. dir. trib., 2012, II, 90-130, ISSN 1121-4074 (RIVISTA SCIENTIFICA CLASSE A)<\/li>\n<li>Profili processuali in materia di rapporti di sostituzione tributaria, in Rass. trib., 2011, 135-156, ISSN 1590-749X (RIVISTA SCIENTIFICA CLASSE A)<\/li>\n<li>Tardivit\u00e0 dell\u2019istanza amministrativa di rimborso e rilevabilit\u00e0 d\u2019ufficio in giudizio, in Riv. dir. trib., 2010, I, 337-384, ISSN 1121-4074 (RIVISTA SCIENTIFICA CLASSE A)<\/li>\n<li>Spunti di riflessione sull\u2019ambito oggettivo e temporale della disciplina regolamentare delle opzioni, in Riv. dir. trib., 2009, II, 233-257, ISSN 1121-4074 (RIVISTA SCIENTIFICA CLASSE A)<\/li>\n<li><\/li>\n<\/ul>\n<p>[\/uncode_list][\/vc_accordion_tab][\/vc_accordion][\/vc_column][\/vc_row][vc_row row_height_percent=&#8221;0&#8243; override_padding=&#8221;yes&#8221; h_padding=&#8221;2&#8243; top_padding=&#8221;3&#8243; bottom_padding=&#8221;3&#8243; back_color=&#8221;color-xsdn&#8221; overlay_alpha=&#8221;50&#8243; gutter_size=&#8221;4&#8243; column_width_percent=&#8221;100&#8243; shift_y=&#8221;0&#8243; z_index=&#8221;0&#8243;][vc_column width=&#8221;1\/1&#8243;][vc_custom_heading text_color=&#8221;accent&#8221; heading_semantic=&#8221;h1&#8243; text_font=&#8221;font-182483&#8243; text_size=&#8221;h1&#8243; text_weight=&#8221;400&#8243; uncode_shortcode_id=&#8221;198323&#8243; text_color_type=&#8221;uncode-palette&#8221;]Conference papers[\/vc_custom_heading][vc_accordion active_tab=&#8221;0&#8243;][vc_accordion_tab gutter_size=&#8221;2&#8243; column_padding=&#8221;2&#8243; title=&#8221;Tutte le relazioni&#8221; tab_id=&#8221;1616686047-1-93&#8243;][uncode_list icon=&#8221;fa fa-caret-right&#8221;]<\/p>\n<ul>\n<li>Seminario, Universit\u00e0 \u201cL.Bocconi\u201d di Milano, Master di II livello in diritto tributario d&#8217;impresa; lezione seminariale \u201c<em>La riserva di legge in materia di prestazioni imposte (art. 23 Cost.) e le altre disposizioni costituzionali rilevanti in materia tributaria (artt. 75, 2\u00b0 co., 117 e 119 Cost.)<\/em>\u201d, 8 ottobre 2020.<\/li>\n<li>Seminario, Universit\u00e0 \u201cL.Bocconi\u201d di Milano, Master di II livello in diritto tributario d&#8217;impresa; lezione seminariale \u201c<em>La capacit\u00e0 contributiva, l&#8217;uguaglianza fiscale e la retroattivit\u00e0 delle norme tributarie (artt. 53 e 3 Cost., Statuto dei Diritti del Contribuente)<\/em>\u201d, 7 ottobre 2020.<\/li>\n<li>Seminario, Universit\u00e0 degli Studi \u201cG. D\u2019Annunzio\u201d di Chieti \u2013 Pescara, \u201c<em>Digitalizzazione, transfer pricing e fenomeni di erosione della base imponibile<\/em>\u201d, nell\u2019ambito del \u201c<em>Dottorato di ricerca in Diritto europeo e comparato dell\u2019impresa e del mercato<\/em>\u201d &#8211; \u201c<em>Scuola Dottorale internazionale di diritto di diritto ed economia<\/em> &#8211; \u00ab<em>Tullio Ascarelli\u00bb<\/em>\u201d; lezione seminariale \u201c<em>Digitalizzazione dell&#8217;amministra-zione finanziaria e diritti dei contribuenti<\/em>\u201d, 24 settembre 2020<\/li>\n<li>Convegno telematico \u201c<em>Europa 20.20: quali prospettive?<\/em>\u201d, organizzato dal Centro Studi Livatino (relatori: F. Vari, R. Veneruso, F. Farri); relazione \u201c<em>Sovranit\u00e0 degli Stati o dell\u2019Unione<\/em>\u201d, 4 giugno 2020.<\/li>\n<li>Seminario, Universit\u00e0 \u201cL.Bocconi\u201d di Milano, Master di II livello in diritto tributario d&#8217;impresa; lezione seminariale \u201c<em>Il sistema degli interpelli: l\u2019interpello ordinario puro e l\u2019interpello qualificatorio; l\u2019interpello probatorio e l\u2019interpello anti-abuso e l\u2019interpello disapplicativo<\/em>\u201d, 4 maggio 2020.<\/li>\n<li>Convegno internazionale \u201c<em>Impact of private &amp; public law on international business activity<\/em>\u201d, Universit\u00e0 di Danzica (coordinatori Proff. Kiraga e A. Dobaczewska); relazione \u201c<em>The impact of taxation on transnational business activity: why it happens, how it happens, how to neutralize distortions<\/em>\u201d, 17 aprile 2020 <u>(rinviato causa Covid-19<\/u>)<\/li>\n<li>Convegno \u201c<em>La riforma del\u00a0terzosettore: prospettive di attuazione<\/em>\u201d, Universit\u00e0 degli Studi di Siena (coordinatore Prof. Rizzuti) (relatori: Prof. M. Trimarchi, E. Tuccari, D. Lenzi); relazione \u201c<em>Profili fiscali e contabili<\/em>\u201d, 27 marzo 2020 <u>(rinviato causa Covid-19<\/u>)<\/li>\n<li>Seminario, Universit\u00e0 \u201cL.Bocconi\u201d di Milano, Master di II livello in diritto tributario d&#8217;impresa; lezione seminariale \u201c<em>Le sopravvenienze attive, gli interessi attivi e i proventi immobiliari<\/em>\u201d, 27 novembre 2019.<\/li>\n<li>Convegno internazionale \u201c<em>Le nuove tecnologie e il futuro del diritto pubblico<\/em>\u201d, Universit\u00e0 degli Studi di Firenze, organizzato da ICON-S International Society of Public Law \u2013 Italian Chapter (Presidenti M. Cartabia e Prof. G. Napolitano) (relatori, tra gli altri: Pres. M. Cartabia, Prof. D. De Pretis, Prof. J. Weiler, Prof. A. Simoncini, Prof. L. Torchia, Prof. C. Pinelli, Prof. M.A. Sandulli, Prof. L. Cuocolo, Prof. O. Pollicino, Prof. G. Napolitano, Prof. B.G. Mattarella, Prof. G. Melis, Prof. L. Ferrara, Prof. B. Caravita di Toritto, Prof. A. Cavallo Perin, Prof. V. Zeno Zencovich, Pres. A. Pajno, F. Farri); relazione \u201c<em>Artificial intelligence in the future of taxation law<\/em>\u201d, 22-23 novembre 2019.<\/li>\n<li>Convegno internazionale \u201c<em>Tourism: Ethics and Law<\/em>\u201d, Universit\u00e0 degli Studi di Firenze, conclusivo del gruppo di ricerca tra Universit\u00e0 di Firenze e Universit\u00e0 di Toyo (Tokyo, Giappone) (coordinatori S. Landini e Prof. M. Nagase) (relatori, tra gli altri: Prof. M. Rizzuti, L. Vigoriti, C. Mugelli, N. Rumine, F. Farri); relazione \u201c<em>Tax law profiles<\/em>\u201d, 7 novembre 2019.<\/li>\n<li>Convegno \u201c<em>Accordi e azione amministrativa nel diritto tributario<\/em>\u201d, Universit\u00e0 degli Studi di Catania (organizzatore A. Guidara) (relatori, tra gli altri: Prof. S. La Rosa, Prof. F. Paparella, Prof. F. Randazzo, Prof. M. Navarro Egea, Prof. G. Ragucci, Prof. A. Guidara, Prof. M. Grandinetti, Prof. G. Corasaniti, Prof. M. Mauro, Prof. M. Allena, Prof. M. Versiglioni, Prof. L. Castaldi, D. Conte, F. Farri); paper \u201c<em>Il nuovo invito al contraddittorio tributario nel prisma della l. n. 241\/1990<\/em>\u201d, 25-26 ottobre 2019.<\/li>\n<li>Convegno internazionale \u201c<em>Public Law in Times of Change?<\/em>\u201d, Pontificia Universidad Cat\u00f3lica de Chile, Santiago del Cile, organizzato da ICON-S International Society of Public Law (Presidenti L. Casini e Prof. R. Dixon) (relatori, tra gli altri: Prof. R. Dixon, Prof. A. Von Bogdandy, Prof. H. Alviar, Pres. M. Pe\u00f1a, Pres. L.R. Barroso, Pres. L.M. D\u00edez-Picazo, Pres. K. O\u2019Regan, Prof. G. De B\u00farca, Prof. B. Simmons, Prof. G. Bocksang, Prof. T. Bejan, Prof. S. Issacharoff, Prof. D. Landau, Prof. W. Sadurski, Prof. L. Ferrara, Prof. L. Casini, F. Farri); paper \u201c<em>Tax sovereignty in times of change: is the state still \u2018useful\u2019 to the tax system?<\/em>\u201d, 1-3 luglio 2019.<\/li>\n<li>Seminario, Universit\u00e0 \u201cLa Sapienza\u201d di Roma, Master di II livello in diritto tributario e consulenza d&#8217;impresa \u201cLuigi Einaudi\u201d; lezione seminariale \u201c<em>L&#8217;atto di accertamento. Gli elementi essenziali, i vizi, il sistema della invalidit\u00e0. L&#8217;accertamento parziale e integrativo<\/em>\u201d, 23 marzo 2019.<\/li>\n<li>Tavola Rotonda \u201c<em>Fotovoltaico, comunit\u00e0 energetiche e accumuli<\/em>\u201d, organizzato dall\u2019Associazione Italia Solare e dell\u2019Associazione Piccole e Medie Imprese di Torino (relatori: Rocco Viscontini, F. Pezone, R. Filosa, A. Piattelli, A. Brumgnach, F. Farri); relazione \u201c<em>Fiscalit\u00e0 positiva per famiglie e imprese<\/em>\u201d, 15 marzo 2019.<\/li>\n<li>Convegno \u201c<em>Le sovranit\u00e0 nell&#8217;era della post-globalizzazione<\/em>\u201d, Universit\u00e0 degli Studi di Foggia, conclusivo del gruppo di ricerca coordinato dalla V. Mastroiacovo (relatori Prof. M.R. Ferrarese, Prof. O. Licandro, Prof. M. Orlandi, Prof. G. Scaccia, Prof. A. Perrone, Prof. C. Galli, Prof. S. Gialdroni, Prof. A. Bernardi, Prof. F. Pepe, C. Simone, F. Farri); relazione \u201c<em>Serve ancora lo stato al fisco?<\/em>\u201d, 1 marzo 2019.<\/li>\n<li>Convegno internazionale &#8220;<em>International Business and Trade Law Conference 2019. <\/em><em>5th Annual Conference<\/em>&#8220;, University of Manitoba (Canada), organizzato dalla Asper Chair of International Business and Trade Law (relatori, tra gli altri: Prof. B. Schwartz, Prof. J. Huang, Prof. B.H. Malkawi, M.L. Passador, H. Chitimira), paper \u201c<em>Global Economics and Tax Sovereignty<\/em>\u201d, 14-15 febbraio 2019.<\/li>\n<li>Convegno Nazionale \u201c<em>Le (in)certezze del diritto<\/em>\u201d, Universit\u00e0 degli Studi di Trento, conclusivo del gruppo di ricerca coordinato dalla C. Piciocchi (relatori, tra gli altri: Prof. D. Quaglioni, Prof. A. Cassatella, Prof. M. Rizzuti, Prof. F. Guella, A. Martani, G. Cusenza); relazione \u201c<em>Le (in)certezze nel diritto tributario<\/em>\u201d al Convegno Giornate di Studio sulle (in)certezze del diritto, 17-18 gennaio 2019.<\/li>\n<li>Seminario \u201c<em>Un fisco sostenibile per la famiglia in Italia<\/em>\u201d, organizzato dall\u2019A.N.T.I. Associazione Nazionale Tributaristi Italiani \u2013 Sezione Veneto e coordinato dal F. Moschetti; lezione seminariale \u201c<em>Un fisco sostenibile per la famiglia in Italia<\/em>\u201d, 5 dicembre 2017.<\/li>\n<li>Convegno internazionale \u201c<em>Unit\u00e0 e frammentazione dentro e oltre lo Stato<\/em>\u201d, Scuola Nazionale dell\u2019Amministrazione, conferenza inaugurale della ICON-S International Society of Public Law \u2013 Italian Chapter (Presidenti M. Cartabia e Prof. G. Napolitano) (relatori, tra gli altri: Pres. S. Cassese, Pres. M. Cartabia, Prof. D. De Pretis, Prof. F. Vigan\u00f2, Prof. J. Weiler, Prof. G. Napolitano, Prof. B.G. Mattarella, Prof. M.R. Ferrarese, Prof. R. Bin, Prof. F.X. Millet, Prof. B. Caravita di Toritto, Prof. A. Simoncini, Prof. O. Pollicino, Prof. A. Sandulli, Prof. M. D\u2019Alberti, Prof. M. Ramajoli, Prof. A. D\u2019Atena, F. Farri); relazione \u201c<em>Serve ancora lo Stato al fisco?<\/em>\u201d, 23-24 novembre 2018.<\/li>\n<li>Convegno internazionale \u201c<em>Young Scholars Colloquium on Legal Professions<\/em>\u201d, Universit\u00e0 degli Studi di Firenze, conclusivo del gruppo di ricerca tra Universit\u00e0 di Firenze e Universit\u00e0 di Colonia (Germania) (coordinatori S. Landini e Prof. M. Henssler) (relatori, tra gli altri: Prof. M. Rizzuti, M. Foglia, S. Stacca, L. Vigoriti, F. Pistelli, F. Farri); relazione \u201c<em>Tax law profiles<\/em>\u201d, 7 novembre 2018.<\/li>\n<li>Seminario \u201c<em>L\u2019accertamento tributario nella dimensione europea e nazionale<\/em>\u201d, corso di specializzazione organizzato dall\u2019Ordine dei Dottori Commercialisti ed Esperti Contabili di Ferrara (direttore Iaia; relatori: Prof. F. Crovato, Prof. M. Trivellin, F. Colaianni, M. Di Siena, G. Moschetti, R. Iaia, S. Artuso, C. Scalinci, F. Farri); lezione seminariale \u201c<em>L\u2019accertamento d\u2019ufficio<\/em>\u201d, 22 ottobre 2018.<\/li>\n<li>Seminario \u201c<em> Aspetti filosofici, etici, fisiologici, giuridici e politici<\/em>\u201d, corso di alta formazione organizzato dalla Scuola di Alta Formazione e Studi Specializzati per Professionisti e dalla Pontificia Universit\u00e0 Lateranense di Roma (direttore D. Leone; relatori, tra gli altri: Prof. A. Gambino, Prof. G. Razzano, On. C. Casini, Prof. M. Casini, Prof. C. Leotta, F. Farri); lezione seminariale \u201c<em>Unioni civili e matrimonio: quale convivenza alla luce della Costituzione italiana?<\/em>\u201d, 3 maggio 2018.<\/li>\n<li>Seminario \u201c<em>L\u2019accertamento tributario nella dimensione europea e nazionale<\/em>\u201d, corso di specializzazione organizzato dall\u2019Ordine dei Dottori Commercialisti ed Esperti Contabili di Ferrara (direttore Iaia; relatori: Prof. G. Bizioli, Prof. S. Muleo, R. Lunelli, R. Iaia, S. Artuso, G: Don\u00e0, F. Farri); lezione seminariale \u201c<em>I controlli cartolari fra liquidazione e accertamento. I controlli formali<\/em>\u201d, 15 marzo 2018.<\/li>\n<li>Convegno \u201c<em>La riforma del terzo settore, il trust e la legge \u2018Dopo di noi\u2019<\/em>\u201d, organizzato dal Consiglio dell\u2019Ordine degli Avvocati di Prato (relatori: R. Lupoi, D. Mazzone, M. Giovannelli, M. Muscariello, F. Farri); relazione \u201c<em>Le novit\u00e0 fiscali del codice del terzo settore<\/em>\u201d, 4 dicembre 2017.<\/li>\n<li>Convegno \u201c<em>Per un fisco sostenibile<\/em>\u201d, organizzato dall\u2019A.N.T.I. Associazione Nazionale Tributaristi Italiani (organizzatori F. Moschetti e Prof. G. Marongiu) (relatori: Prof. G. Marongiu, Prof. F. Crovato, Prof. G. Zizzo, Prof. F. Moschetti, Prof. M. Beghin, Prof. L. Carpentieri, Prof. G. Muraro, R. Lunelli, F. Farri); relazione \u201cFisco e famiglia\u201d, 15 settembre 2017.<\/li>\n<li>\u00a0Convegno \u201c<em>Costituzione: ripartiamo dalla famiglia. Proposte per una riforma a misura d\u2019uomo<\/em>\u201d, Universit\u00e0 Europea di Roma (relatori, tra gli altri: E. Biliotti, Prof. F. Vari, Cons. A. Mantovano, Prof. G. Razzano, A.M. Panfili, F. Farri); relazione \u201cProfili tributari\u201d, 9 giugno 2017.<\/li>\n<li>Tavola rotonda \u201c<em>Referendum Costituzionale una scelta consapevole<\/em>\u201d, Comune di Pisa; relatori P. Carrozza e F. Farri, 15 novembre 2016.<\/li>\n<li>Tavola rotonda \u201c<em>Referendum Costituzionale: S\u00ec o no<\/em>\u201d, Comune di Scandicci; relatori G. Puccini e F. Farri, 13 novembre 2016.<\/li>\n<li>Ciclo di convegni \u201c<em>Riforma Costituzionale<\/em>\u201d, organizzati dall\u2019Unione Giuristi Cattolici di Genova (relatori: L. Cuocolo, Prof. G. Tesauro, Prof. S.M. Carbone, Cons. F. Contri, Card. A. Bagnasco, F. Farri); relazione, 3 ottobre 2016.<\/li>\n<li>Convegno \u201c<em>L&#8217;avvocato specialista alla luce del d.m. 144\/2015<\/em>\u201d, organizzato dal Consiglio dell\u2019Ordine degli Avvocati di Prato (relatori: I. Pagni, L. Masi, M. Cecconi, G. Giovannelli, P.N. Badiani, F. Farri); relazione \u201c<em>L&#8217;avvocato del diritto tributario<\/em>\u201d, 14 giugno 2016.<\/li>\n<li>Convegno \u201c<em>Solidariet\u00e0, capacit\u00e0 contributiva e giustizia tributaria<\/em>\u201d, Universit\u00e0 \u201cLUMSA\u201d di Roma, LXV Convegno Nazionale di Studio dell\u2019Unione Giuristi Cattolici Italiani (relatori: F. D\u2019Agostino, Prof. M. Cicala, Prof. G. Gaffuri, Prof. A. Simoncini, Prof. R. Lupi, Prof. A. Bettetini, Prof. A. Perrone, Prof. L. Bruni, Prof. I. Caraccioli, Cons. S. Paracampo, V. Bassi, F. Farri); relazione \u201c<em>La fiscalit\u00e0 della famiglia<\/em>\u201d, 4-5-6 dicembre 2015.<\/li>\n<li>Tavola Rotonda \u201c<em>Studi per il Studi Convegno celebrativo del 150\u00b0 anniversario delle leggi di unificazione nazionale. Gruppo sulla \u2018Giuridificazione\u2019<\/em>\u201d, Universit\u00e0 Cattolica del Sacro Cuore di Milano (relatori: L. Ferrara, Prof. B. Marchetti, Prof. M. Renna, Prof. D. De Pretis, Prof. G. Sciullo, Prof. M. Clarich, Prof. E. Ferrari, Prof. R. Cavallo Perin, Prof. G. Pastori); intervento, 22 maggio 2015.<\/li>\n<li>Convegno \u201c<em>La validit\u00e0 dell&#8217;atto giuridico<\/em>\u201d, Universit\u00e0 degli Studi di Firenze, organizzatore L. Ferrara (relatori: Prof. A. Corpaci, Prof. V. Cerulli Irelli, Prof. S. Civitarese Matteucci, Prof. A. Gentili, Prof. G. Morbidelli, Prof. A. Romano); intervento, 22 settembre 2014.<\/li>\n<li>Convegno \u201c<em>Giornata nazionale della ricerca in diritto tributario<\/em>\u201d, Universit\u00e0 di Bologna, organizzatore A. Di Pietro e Prof. M.C. Fregni; intervento, 10 gennaio 2014.<\/li>\n<li>Convegno \u201c<em>Il diritto tributario nelle professioni dell&#8217;avvocato e del dottore commercialista<\/em>\u201d, organizzato dal Consiglio dell\u2019Ordine degli Avvocati di Prato (relatori: P. Laroma Jezzi, Pres. M. Cicala, Cons. F.A. Genovese, G. Di Salvo, D. Mazzone, F.Farri); relazione \u201c<em>I sistemi di tutela: istituti deflattivi del contenzioso e giurisdizione tributaria<\/em>\u201d, 17 giugno 2013.<\/li>\n<li>Convegno \u201c<em>Diritto dell\u2019Energia da Fonti Rinnovabili<\/em>\u201d, organizzato dal Consiglio della Regione Toscana e coordinato da Farri (relatori: On. E. Realacci, Prof. G. Fransoni, L. Masi, F. Farri); relazione, 3 giugno 2013.<\/li>\n<li>Seminario \u201c<em>Legge generale e codificazioni nel diritto amministrativo<\/em>\u201d, Universit\u00e0 degli Studi di Pisa (relatore: F. Merusi); intervento, 9 febbraio 2013;<\/li>\n<li>Seminario \u201c<em>L\u2019invalidit\u00e0 degli atti dell\u2019amministrazione finanziaria<\/em>\u201d, Universit\u00e0 degli Studi di Siena (relatori: P. Russo, Prof. G.D. Comporti, Prof. G. Vanz); intervento, 21 gennaio 2012.<\/li>\n<\/ul>\n<p>[\/uncode_list][\/vc_accordion_tab][\/vc_accordion][\/vc_column][\/vc_row][vc_row row_height_percent=&#8221;0&#8243; override_padding=&#8221;yes&#8221; h_padding=&#8221;2&#8243; top_padding=&#8221;4&#8243; bottom_padding=&#8221;4&#8243; back_color=&#8221;color-lxmt&#8221; overlay_alpha=&#8221;50&#8243; gutter_size=&#8221;3&#8243; column_width_percent=&#8221;100&#8243; shift_y=&#8221;0&#8243; z_index=&#8221;0&#8243;][vc_column width=&#8221;1\/1&#8243;][vc_custom_heading text_color=&#8221;accent&#8221; heading_semantic=&#8221;h1&#8243; text_font=&#8221;font-182483&#8243; text_size=&#8221;h1&#8243; text_weight=&#8221;400&#8243; el_id=&#8221;attivit\u00e0-1&#8243; uncode_shortcode_id=&#8221;115151&#8243; text_color_type=&#8221;uncode-palette&#8221;]Associations<\/p>\n<div id=\"gtx-trans\" style=\"position: absolute; left: 45px; top: 33px;\">\n<div class=\"gtx-trans-icon\"><\/div>\n<\/div>\n<p>[\/vc_custom_heading][vc_empty_space empty_h=&#8221;1&#8243; el_id=&#8221;attivit\u00e0-2&#8243;][vc_row_inner row_inner_height_percent=&#8221;0&#8243; overlay_alpha=&#8221;50&#8243; equal_height=&#8221;yes&#8221; gutter_size=&#8221;4&#8243; shift_y=&#8221;0&#8243; z_index=&#8221;0&#8243;][vc_column_inner width=&#8221;1\/1&#8243;][vc_custom_heading text_color=&#8221;accent&#8221; heading_semantic=&#8221;h3&#8243; text_font=&#8221;font-182483&#8243; text_size=&#8221;h3&#8243; text_weight=&#8221;400&#8243; sub_lead=&#8221;small&#8221; uncode_shortcode_id=&#8221;213320&#8243; text_color_type=&#8221;uncode-palette&#8221;]Member of the Rosario Livatino Study Center<br \/>\nVice President and Treasurer of the U.G.C.I. (Italian Union of Catholic Jurists), Local Union of Florence<br \/>\nMember of the tax working group of the Italy Solar Association[\/vc_custom_heading][\/vc_column_inner][\/vc_row_inner][vc_empty_space empty_h=&#8221;2&#8243;][\/vc_column][\/vc_row]<\/p>\n","protected":false},"excerpt":{"rendered":"<p>[vc_row unlock_row_content=&#8221;yes&#8221; row_height_percent=&#8221;50&#8243; override_padding=&#8221;yes&#8221; h_padding=&#8221;0&#8243; top_padding=&#8221;0&#8243; bottom_padding=&#8221;0&#8243; overlay_alpha=&#8221;50&#8243; equal_height=&#8221;yes&#8221; gutter_size=&#8221;0&#8243; column_width_percent=&#8221;100&#8243; shift_y=&#8221;0&#8243; z_index=&#8221;0&#8243; inverted_device_order=&#8221;yes&#8221; el_class=&#8221;inverted-device-order&#8221;][vc_column column_width_percent=&#8221;100&#8243; gutter_size=&#8221;0&#8243; overlay_alpha=&#8221;50&#8243; shift_x=&#8221;0&#8243; shift_y=&#8221;0&#8243; [&hellip;]<\/p>\n","protected":false},"author":1,"featured_media":84845,"parent":85017,"menu_order":0,"comment_status":"closed","ping_status":"closed","template":"","meta":[],"yoast_head":"<!-- This site is optimized with the Yoast SEO plugin v17.6 - https:\/\/yoast.com\/wordpress\/plugins\/seo\/ -->\n<title>Prof. Att. Francesco Farri - Giovannelli Masi Cecconi &amp; Associati<\/title>\n<meta name=\"robots\" content=\"index, follow, max-snippet:-1, max-image-preview:large, max-video-preview:-1\" \/>\n<link rel=\"canonical\" href=\"https:\/\/studiogiovannelli.it\/en\/professionals\/prof-att-francesco-farri\/\" \/>\n<meta property=\"og:locale\" content=\"en_US\" \/>\n<meta property=\"og:type\" content=\"article\" \/>\n<meta property=\"og:title\" content=\"Prof. Att. Francesco Farri - Giovannelli Masi Cecconi &amp; Associati\" \/>\n<meta property=\"og:description\" content=\"[vc_row unlock_row_content=&#8221;yes&#8221; row_height_percent=&#8221;50&#8243; override_padding=&#8221;yes&#8221; h_padding=&#8221;0&#8243; top_padding=&#8221;0&#8243; bottom_padding=&#8221;0&#8243; overlay_alpha=&#8221;50&#8243; equal_height=&#8221;yes&#8221; gutter_size=&#8221;0&#8243; column_width_percent=&#8221;100&#8243; shift_y=&#8221;0&#8243; z_index=&#8221;0&#8243; inverted_device_order=&#8221;yes&#8221; el_class=&#8221;inverted-device-order&#8221;][vc_column column_width_percent=&#8221;100&#8243; gutter_size=&#8221;0&#8243; overlay_alpha=&#8221;50&#8243; shift_x=&#8221;0&#8243; shift_y=&#8221;0&#8243; [&hellip;]\" \/>\n<meta property=\"og:url\" content=\"https:\/\/studiogiovannelli.it\/en\/professionals\/prof-att-francesco-farri\/\" \/>\n<meta property=\"og:site_name\" content=\"Giovannelli Masi Cecconi &amp; Associati\" \/>\n<meta property=\"article:modified_time\" content=\"2024-02-14T18:20:48+00:00\" \/>\n<meta property=\"og:image\" content=\"https:\/\/studiogiovannelli.it\/wp-content\/uploads\/2021\/03\/Francesco-Farri.jpg\" \/>\n\t<meta property=\"og:image:width\" content=\"1200\" \/>\n\t<meta property=\"og:image:height\" content=\"1803\" \/>\n<meta name=\"twitter:card\" content=\"summary_large_image\" \/>\n<meta name=\"twitter:label1\" content=\"Est. reading time\" \/>\n\t<meta name=\"twitter:data1\" content=\"24 minutes\" \/>\n<script type=\"application\/ld+json\" class=\"yoast-schema-graph\">{\"@context\":\"https:\/\/schema.org\",\"@graph\":[{\"@type\":\"Organization\",\"@id\":\"https:\/\/studiogiovannelli.it\/#organization\",\"name\":\"Giovannelli Masi Cecconi & Associati. Studio Legale.\",\"url\":\"https:\/\/studiogiovannelli.it\/\",\"sameAs\":[],\"logo\":{\"@type\":\"ImageObject\",\"@id\":\"https:\/\/studiogiovannelli.it\/#logo\",\"inLanguage\":\"en-US\",\"url\":\"https:\/\/studiogiovannelli.it\/wp-content\/uploads\/2021\/03\/Logo_GMC-A.svg\",\"contentUrl\":\"https:\/\/studiogiovannelli.it\/wp-content\/uploads\/2021\/03\/Logo_GMC-A.svg\",\"caption\":\"Giovannelli Masi Cecconi & Associati. Studio Legale.\"},\"image\":{\"@id\":\"https:\/\/studiogiovannelli.it\/#logo\"}},{\"@type\":\"WebSite\",\"@id\":\"https:\/\/studiogiovannelli.it\/#website\",\"url\":\"https:\/\/studiogiovannelli.it\/\",\"name\":\"Giovannelli Masi Cecconi &amp; Associati\",\"description\":\"Studio Legale\",\"publisher\":{\"@id\":\"https:\/\/studiogiovannelli.it\/#organization\"},\"potentialAction\":[{\"@type\":\"SearchAction\",\"target\":{\"@type\":\"EntryPoint\",\"urlTemplate\":\"https:\/\/studiogiovannelli.it\/?s={search_term_string}\"},\"query-input\":\"required name=search_term_string\"}],\"inLanguage\":\"en-US\"},{\"@type\":\"ImageObject\",\"@id\":\"https:\/\/studiogiovannelli.it\/en\/professionals\/prof-att-francesco-farri\/#primaryimage\",\"inLanguage\":\"en-US\",\"url\":\"https:\/\/studiogiovannelli.it\/wp-content\/uploads\/2021\/03\/Francesco-Farri.jpg\",\"contentUrl\":\"https:\/\/studiogiovannelli.it\/wp-content\/uploads\/2021\/03\/Francesco-Farri.jpg\",\"width\":1200,\"height\":1803,\"caption\":\"Partner\"},{\"@type\":\"WebPage\",\"@id\":\"https:\/\/studiogiovannelli.it\/en\/professionals\/prof-att-francesco-farri\/#webpage\",\"url\":\"https:\/\/studiogiovannelli.it\/en\/professionals\/prof-att-francesco-farri\/\",\"name\":\"Prof. Att. Francesco Farri - Giovannelli Masi Cecconi &amp; Associati\",\"isPartOf\":{\"@id\":\"https:\/\/studiogiovannelli.it\/#website\"},\"primaryImageOfPage\":{\"@id\":\"https:\/\/studiogiovannelli.it\/en\/professionals\/prof-att-francesco-farri\/#primaryimage\"},\"datePublished\":\"2021-03-28T16:28:43+00:00\",\"dateModified\":\"2024-02-14T18:20:48+00:00\",\"breadcrumb\":{\"@id\":\"https:\/\/studiogiovannelli.it\/en\/professionals\/prof-att-francesco-farri\/#breadcrumb\"},\"inLanguage\":\"en-US\",\"potentialAction\":[{\"@type\":\"ReadAction\",\"target\":[\"https:\/\/studiogiovannelli.it\/en\/professionals\/prof-att-francesco-farri\/\"]}]},{\"@type\":\"BreadcrumbList\",\"@id\":\"https:\/\/studiogiovannelli.it\/en\/professionals\/prof-att-francesco-farri\/#breadcrumb\",\"itemListElement\":[{\"@type\":\"ListItem\",\"position\":1,\"name\":\"Home\",\"item\":\"https:\/\/studiogiovannelli.it\/en\/\"},{\"@type\":\"ListItem\",\"position\":2,\"name\":\"Professionals\",\"item\":\"https:\/\/studiogiovannelli.it\/en\/professionals\/\"},{\"@type\":\"ListItem\",\"position\":3,\"name\":\"Prof. Att. Francesco Farri\"}]}]}<\/script>\n<!-- \/ Yoast SEO plugin. -->","yoast_head_json":{"title":"Prof. Att. Francesco Farri - Giovannelli Masi Cecconi &amp; Associati","robots":{"index":"index","follow":"follow","max-snippet":"max-snippet:-1","max-image-preview":"max-image-preview:large","max-video-preview":"max-video-preview:-1"},"canonical":"https:\/\/studiogiovannelli.it\/en\/professionals\/prof-att-francesco-farri\/","og_locale":"en_US","og_type":"article","og_title":"Prof. Att. Francesco Farri - Giovannelli Masi Cecconi &amp; Associati","og_description":"[vc_row unlock_row_content=&#8221;yes&#8221; row_height_percent=&#8221;50&#8243; override_padding=&#8221;yes&#8221; h_padding=&#8221;0&#8243; top_padding=&#8221;0&#8243; bottom_padding=&#8221;0&#8243; overlay_alpha=&#8221;50&#8243; equal_height=&#8221;yes&#8221; gutter_size=&#8221;0&#8243; column_width_percent=&#8221;100&#8243; shift_y=&#8221;0&#8243; z_index=&#8221;0&#8243; inverted_device_order=&#8221;yes&#8221; el_class=&#8221;inverted-device-order&#8221;][vc_column column_width_percent=&#8221;100&#8243; gutter_size=&#8221;0&#8243; overlay_alpha=&#8221;50&#8243; shift_x=&#8221;0&#8243; shift_y=&#8221;0&#8243; [&hellip;]","og_url":"https:\/\/studiogiovannelli.it\/en\/professionals\/prof-att-francesco-farri\/","og_site_name":"Giovannelli Masi Cecconi &amp; Associati","article_modified_time":"2024-02-14T18:20:48+00:00","og_image":[{"width":1200,"height":1803,"url":"https:\/\/studiogiovannelli.it\/wp-content\/uploads\/2021\/03\/Francesco-Farri.jpg","type":"image\/jpeg"}],"twitter_card":"summary_large_image","twitter_misc":{"Est. reading time":"24 minutes"},"schema":{"@context":"https:\/\/schema.org","@graph":[{"@type":"Organization","@id":"https:\/\/studiogiovannelli.it\/#organization","name":"Giovannelli Masi Cecconi & Associati. Studio Legale.","url":"https:\/\/studiogiovannelli.it\/","sameAs":[],"logo":{"@type":"ImageObject","@id":"https:\/\/studiogiovannelli.it\/#logo","inLanguage":"en-US","url":"https:\/\/studiogiovannelli.it\/wp-content\/uploads\/2021\/03\/Logo_GMC-A.svg","contentUrl":"https:\/\/studiogiovannelli.it\/wp-content\/uploads\/2021\/03\/Logo_GMC-A.svg","caption":"Giovannelli Masi Cecconi & Associati. Studio Legale."},"image":{"@id":"https:\/\/studiogiovannelli.it\/#logo"}},{"@type":"WebSite","@id":"https:\/\/studiogiovannelli.it\/#website","url":"https:\/\/studiogiovannelli.it\/","name":"Giovannelli Masi Cecconi &amp; Associati","description":"Studio Legale","publisher":{"@id":"https:\/\/studiogiovannelli.it\/#organization"},"potentialAction":[{"@type":"SearchAction","target":{"@type":"EntryPoint","urlTemplate":"https:\/\/studiogiovannelli.it\/?s={search_term_string}"},"query-input":"required name=search_term_string"}],"inLanguage":"en-US"},{"@type":"ImageObject","@id":"https:\/\/studiogiovannelli.it\/en\/professionals\/prof-att-francesco-farri\/#primaryimage","inLanguage":"en-US","url":"https:\/\/studiogiovannelli.it\/wp-content\/uploads\/2021\/03\/Francesco-Farri.jpg","contentUrl":"https:\/\/studiogiovannelli.it\/wp-content\/uploads\/2021\/03\/Francesco-Farri.jpg","width":1200,"height":1803,"caption":"Partner"},{"@type":"WebPage","@id":"https:\/\/studiogiovannelli.it\/en\/professionals\/prof-att-francesco-farri\/#webpage","url":"https:\/\/studiogiovannelli.it\/en\/professionals\/prof-att-francesco-farri\/","name":"Prof. Att. Francesco Farri - Giovannelli Masi Cecconi &amp; Associati","isPartOf":{"@id":"https:\/\/studiogiovannelli.it\/#website"},"primaryImageOfPage":{"@id":"https:\/\/studiogiovannelli.it\/en\/professionals\/prof-att-francesco-farri\/#primaryimage"},"datePublished":"2021-03-28T16:28:43+00:00","dateModified":"2024-02-14T18:20:48+00:00","breadcrumb":{"@id":"https:\/\/studiogiovannelli.it\/en\/professionals\/prof-att-francesco-farri\/#breadcrumb"},"inLanguage":"en-US","potentialAction":[{"@type":"ReadAction","target":["https:\/\/studiogiovannelli.it\/en\/professionals\/prof-att-francesco-farri\/"]}]},{"@type":"BreadcrumbList","@id":"https:\/\/studiogiovannelli.it\/en\/professionals\/prof-att-francesco-farri\/#breadcrumb","itemListElement":[{"@type":"ListItem","position":1,"name":"Home","item":"https:\/\/studiogiovannelli.it\/en\/"},{"@type":"ListItem","position":2,"name":"Professionals","item":"https:\/\/studiogiovannelli.it\/en\/professionals\/"},{"@type":"ListItem","position":3,"name":"Prof. Att. Francesco Farri"}]}]}},"_links":{"self":[{"href":"https:\/\/studiogiovannelli.it\/en\/wp-json\/wp\/v2\/pages\/85055"}],"collection":[{"href":"https:\/\/studiogiovannelli.it\/en\/wp-json\/wp\/v2\/pages"}],"about":[{"href":"https:\/\/studiogiovannelli.it\/en\/wp-json\/wp\/v2\/types\/page"}],"author":[{"embeddable":true,"href":"https:\/\/studiogiovannelli.it\/en\/wp-json\/wp\/v2\/users\/1"}],"replies":[{"embeddable":true,"href":"https:\/\/studiogiovannelli.it\/en\/wp-json\/wp\/v2\/comments?post=85055"}],"version-history":[{"count":13,"href":"https:\/\/studiogiovannelli.it\/en\/wp-json\/wp\/v2\/pages\/85055\/revisions"}],"predecessor-version":[{"id":85530,"href":"https:\/\/studiogiovannelli.it\/en\/wp-json\/wp\/v2\/pages\/85055\/revisions\/85530"}],"up":[{"embeddable":true,"href":"https:\/\/studiogiovannelli.it\/en\/wp-json\/wp\/v2\/pages\/85017"}],"wp:featuredmedia":[{"embeddable":true,"href":"https:\/\/studiogiovannelli.it\/en\/wp-json\/wp\/v2\/media\/84845"}],"wp:attachment":[{"href":"https:\/\/studiogiovannelli.it\/en\/wp-json\/wp\/v2\/media?parent=85055"}],"curies":[{"name":"wp","href":"https:\/\/api.w.org\/{rel}","templated":true}]}}